{"id":11773,"date":"2019-10-15T16:01:34","date_gmt":"2019-10-15T16:01:34","guid":{"rendered":"https:\/\/biohairclinic.com\/it\/?page_id=11773"},"modified":"2022-05-12T07:53:04","modified_gmt":"2022-05-12T07:53:04","slug":"il-nostro-blog-trapianto-capelli","status":"publish","type":"page","link":"https:\/\/biohairclinic.com\/it\/il-nostro-blog-trapianto-capelli\/","title":{"rendered":"Il blog sul trapianto di capelli"},"content":{"rendered":"<section class=\"hero\">\r\n    <div class=\"container\">\r\n        <div class=\"row\">\r\n            <div class=\"col-md-6\">\r\n                <h1><span>Trapianto di capelli:<\/span>il blog<\/h1>\r\n                <div class=\"p-block\">\r\n                    <p>Nel nostro blog sul trapianto di capelli, troverai molte informazioni interessanti e utili sulla calvizie e sui trattamenti per la chioma.\r\n<br><br>\r\nGli articoli del nostro blog, ti offrono informazioni approfondite sui vari metodi e le applicazioni innovative che ti restituiranno una testa piena di capelli.\r\n<br><br>\r\nIl blog sul trapianto di capelli di Bio Hair Clinic ti mostra come questo trattamento sia un processo assolutamente efficace e sicuro, per uomini e donne. <\/p>\r\n                                            <div class=\"btn\">\r\n                            <span class=\"button bio_btn\" data-url=\"https:\/\/biohairclinic.com\/it\/calcolatore-di-capelli\/\">Calcolare l\u2019offerta<\/span>\r\n                        <\/div>\r\n                       \r\n                <\/div>\r\n            <\/div>\r\n            <div class=\"col-md-6\">\r\n                                        <img loading=\"lazy\" decoding=\"async\" src=\"https:\/\/biohairclinic.com\/it\/wp-content\/uploads\/sites\/3\/2022\/05\/grafica-blog-contatti-trapianto-capelli.svg\" alt=\"Grafica del blog e dei contatti del trapianto di capelli\" width=\"536\" height=\"527\"\/>\r\n                            <\/div>\r\n        <\/div>\r\n    <\/div>\r\n<\/section>\n\n    <section class=\"blog_cat_section  has-bg\">\r\n        <div class=\"container\">\r\n            <div class=\"row\">\r\n                <div class=\"col-md-12\">\r\n                    <div class=\"title\">\r\n                        <h2>Caduta Capelli<\/h2>\r\n                    <\/div>\r\n                <\/div>\r\n                                        <div class=\"col-md-4\">\r\n                            <div class=\"content\">\r\n                                <div class=\"post-image\">\r\n                                    <img loading=\"lazy\" decoding=\"async\" width=\"850\" height=\"566\" src=\"https:\/\/biohairclinic.com\/it\/wp-content\/uploads\/sites\/3\/2020\/03\/piastra-e-caduta-di-capelli-eventuale-correlazione.jpg\" class=\"attachment-post-thumbnail size-post-thumbnail wp-post-image\" alt=\"Ragazza usa la piastra preoccupata per la caduta dei capelli\" srcset=\"https:\/\/biohairclinic.com\/it\/wp-content\/uploads\/sites\/3\/2020\/03\/piastra-e-caduta-di-capelli-eventuale-correlazione.jpg 850w, https:\/\/biohairclinic.com\/it\/wp-content\/uploads\/sites\/3\/2020\/03\/piastra-e-caduta-di-capelli-eventuale-correlazione-300x200.jpg 300w, https:\/\/biohairclinic.com\/it\/wp-content\/uploads\/sites\/3\/2020\/03\/piastra-e-caduta-di-capelli-eventuale-correlazione-768x511.jpg 768w, https:\/\/biohairclinic.com\/it\/wp-content\/uploads\/sites\/3\/2020\/03\/piastra-e-caduta-di-capelli-eventuale-correlazione-480x320.jpg 480w\" sizes=\"auto, (max-width: 850px) 100vw, 850px\" \/>                                <\/div>\r\n                                <div class=\"post-content\">\r\n                                    <h3>Piastra e caduta di capelli: sono correlate?<\/h3>\r\n                                    <p>\r\n\u00c8 vero che piastra e caduta capelli sono collegate? La piastra \u00e8 uno strumento usato sia dalle donne, sia dagli uomini. Il suo utilizzo quotidiano, per\u00f2, potrebbe essere nociv..<\/p>\r\n                                    <a class=\"post-link\" href=\"https:\/\/biohairclinic.com\/it\/piastra-caduta-capelli\/\"> Leggi ora<\/a>\r\n                                <\/div>\r\n                            <\/div>\r\n                        <\/div>\r\n\r\n                                        <div class=\"col-md-4\">\r\n                            <div class=\"content\">\r\n                                <div class=\"post-image\">\r\n                                    <img loading=\"lazy\" decoding=\"async\" width=\"850\" height=\"566\" src=\"https:\/\/biohairclinic.com\/it\/wp-content\/uploads\/sites\/3\/2020\/03\/Caduta-capelli-da-stress-prolungato-min.jpg\" class=\"attachment-post-thumbnail size-post-thumbnail wp-post-image\" alt=\"Uomo al computer usa una pallina anti-stress\" srcset=\"https:\/\/biohairclinic.com\/it\/wp-content\/uploads\/sites\/3\/2020\/03\/Caduta-capelli-da-stress-prolungato-min.jpg 850w, https:\/\/biohairclinic.com\/it\/wp-content\/uploads\/sites\/3\/2020\/03\/Caduta-capelli-da-stress-prolungato-min-300x200.jpg 300w, https:\/\/biohairclinic.com\/it\/wp-content\/uploads\/sites\/3\/2020\/03\/Caduta-capelli-da-stress-prolungato-min-768x511.jpg 768w, https:\/\/biohairclinic.com\/it\/wp-content\/uploads\/sites\/3\/2020\/03\/Caduta-capelli-da-stress-prolungato-min-480x320.jpg 480w\" sizes=\"auto, (max-width: 850px) 100vw, 850px\" \/>                                <\/div>\r\n                                <div class=\"post-content\">\r\n                                    <h3>Caduta capelli da stress: come si manifesta e come curarla?<\/h3>\r\n                                    <p>\r\nLa caduta dei capelli da stress \u00e8 un fenomeno che pu\u00f2 verificarsi in un periodo carico di tensione e preoccupazione. La buona notizia \u00e8 che nella maggior parte dei casi, dopo ..<\/p>\r\n                                    <a class=\"post-link\" href=\"https:\/\/biohairclinic.com\/it\/caduta-capelli-da-stress\/\"> Leggi ora<\/a>\r\n                                <\/div>\r\n                            <\/div>\r\n                        <\/div>\r\n\r\n                                        <div class=\"col-md-4\">\r\n                            <div class=\"content\">\r\n                                <div class=\"post-image\">\r\n                                    <img loading=\"lazy\" decoding=\"async\" width=\"838\" height=\"558\" src=\"https:\/\/biohairclinic.com\/it\/wp-content\/uploads\/sites\/3\/2020\/01\/psioriasi-cuoio-capelluto.jpg\" class=\"attachment-post-thumbnail size-post-thumbnail wp-post-image\" alt=\"dottori visitano un paziente con la psoriasi del cuoio capelluto\" srcset=\"https:\/\/biohairclinic.com\/it\/wp-content\/uploads\/sites\/3\/2020\/01\/psioriasi-cuoio-capelluto.jpg 838w, https:\/\/biohairclinic.com\/it\/wp-content\/uploads\/sites\/3\/2020\/01\/psioriasi-cuoio-capelluto-300x200.jpg 300w, https:\/\/biohairclinic.com\/it\/wp-content\/uploads\/sites\/3\/2020\/01\/psioriasi-cuoio-capelluto-768x511.jpg 768w, https:\/\/biohairclinic.com\/it\/wp-content\/uploads\/sites\/3\/2020\/01\/psioriasi-cuoio-capelluto-480x320.jpg 480w\" sizes=\"auto, (max-width: 838px) 100vw, 838px\" \/>                                <\/div>\r\n                                <div class=\"post-content\">\r\n                                    <h3>Psoriasi del cuoio capelluto: che cos&#8217;\u00e8 e come si contrasta?<\/h3>\r\n                                    <p>La psoriasi del cuoio capelluto \u00e8 una malattia sconosciuta a parecchi italiani, ma sono moltissimi a soffrirne. \u00c8 un disturbo cronico e non curabile, ma ci sono numerosi rimedi p..<\/p>\r\n                                    <a class=\"post-link\" href=\"https:\/\/biohairclinic.com\/it\/psoriasi-del-cuoio-capelluto-che-cose-e-come-si-contrasta\/\"> Leggi ora<\/a>\r\n                                <\/div>\r\n                            <\/div>\r\n                        <\/div>\r\n\r\n                                        <div class=\"col-md-4\">\r\n                            <div class=\"content\">\r\n                                <div class=\"post-image\">\r\n                                    <img loading=\"lazy\" decoding=\"async\" width=\"838\" height=\"614\" src=\"https:\/\/biohairclinic.com\/it\/wp-content\/uploads\/sites\/3\/2019\/12\/olio-di-ricino-capelli.jpg\" class=\"attachment-post-thumbnail size-post-thumbnail wp-post-image\" alt=\"olio di ricino rinfoltisce capelli\" srcset=\"https:\/\/biohairclinic.com\/it\/wp-content\/uploads\/sites\/3\/2019\/12\/olio-di-ricino-capelli.jpg 838w, https:\/\/biohairclinic.com\/it\/wp-content\/uploads\/sites\/3\/2019\/12\/olio-di-ricino-capelli-300x220.jpg 300w, https:\/\/biohairclinic.com\/it\/wp-content\/uploads\/sites\/3\/2019\/12\/olio-di-ricino-capelli-768x563.jpg 768w, https:\/\/biohairclinic.com\/it\/wp-content\/uploads\/sites\/3\/2019\/12\/olio-di-ricino-capelli-480x352.jpg 480w\" sizes=\"auto, (max-width: 838px) 100vw, 838px\" \/>                                <\/div>\r\n                                <div class=\"post-content\">\r\n                                    <h3>Olio di ricino per capelli: ecco come aiuta il rinfoltimento<\/h3>\r\n                                    <p>L\u2019olio di ricino e capelli sono un\u2019accoppiata vincente da molti anni. Questo antico rimedio dal sapore amaro \u00e8 un ottimo nutriente per la chioma e le sopracciglia: li idrata, ..<\/p>\r\n                                    <a class=\"post-link\" href=\"https:\/\/biohairclinic.com\/it\/olio-di-ricino-per-capelli\/\"> Leggi ora<\/a>\r\n                                <\/div>\r\n                            <\/div>\r\n                        <\/div>\r\n\r\n                                        <div class=\"col-md-4\">\r\n                            <div class=\"content\">\r\n                                <div class=\"post-image\">\r\n                                    <img loading=\"lazy\" decoding=\"async\" width=\"838\" height=\"574\" src=\"https:\/\/biohairclinic.com\/it\/wp-content\/uploads\/sites\/3\/2019\/12\/Gel-Aloe-Vera-per-capelli.jpg\" class=\"attachment-post-thumbnail size-post-thumbnail wp-post-image\" alt=\"il gel di aloe vera per capelli\" srcset=\"https:\/\/biohairclinic.com\/it\/wp-content\/uploads\/sites\/3\/2019\/12\/Gel-Aloe-Vera-per-capelli.jpg 838w, https:\/\/biohairclinic.com\/it\/wp-content\/uploads\/sites\/3\/2019\/12\/Gel-Aloe-Vera-per-capelli-300x205.jpg 300w, https:\/\/biohairclinic.com\/it\/wp-content\/uploads\/sites\/3\/2019\/12\/Gel-Aloe-Vera-per-capelli-768x526.jpg 768w, https:\/\/biohairclinic.com\/it\/wp-content\/uploads\/sites\/3\/2019\/12\/Gel-Aloe-Vera-per-capelli-480x329.jpg 480w\" sizes=\"auto, (max-width: 838px) 100vw, 838px\" \/>                                <\/div>\r\n                                <div class=\"post-content\">\r\n                                    <h3>5 modi per usare l&#8217;aloe vera per capelli<\/h3>\r\n                                    <p>L\u2019Aloe vera per capelli \u00e8 un rimedio naturale ed economico per combattere forfora, problemi al cuoio capelluto e caduta dei capelli. Fuori spinosa e dentro morbida: questa piant..<\/p>\r\n                                    <a class=\"post-link\" href=\"https:\/\/biohairclinic.com\/it\/5-modi-per-usare-laloe-vera-per-capelli\/\"> Leggi ora<\/a>\r\n                                <\/div>\r\n                            <\/div>\r\n                        <\/div>\r\n\r\n                                        <div class=\"col-md-4\">\r\n                            <div class=\"content\">\r\n                                <div class=\"post-image\">\r\n                                    <img loading=\"lazy\" decoding=\"async\" width=\"838\" height=\"558\" src=\"https:\/\/biohairclinic.com\/it\/wp-content\/uploads\/sites\/3\/2019\/12\/vitamine_capelli_compresse.jpg\" class=\"attachment-post-thumbnail size-post-thumbnail wp-post-image\" alt=\"tutte le vitamine per capelli\" srcset=\"https:\/\/biohairclinic.com\/it\/wp-content\/uploads\/sites\/3\/2019\/12\/vitamine_capelli_compresse.jpg 838w, https:\/\/biohairclinic.com\/it\/wp-content\/uploads\/sites\/3\/2019\/12\/vitamine_capelli_compresse-300x200.jpg 300w, https:\/\/biohairclinic.com\/it\/wp-content\/uploads\/sites\/3\/2019\/12\/vitamine_capelli_compresse-768x511.jpg 768w, https:\/\/biohairclinic.com\/it\/wp-content\/uploads\/sites\/3\/2019\/12\/vitamine_capelli_compresse-480x320.jpg 480w\" sizes=\"auto, (max-width: 838px) 100vw, 838px\" \/>                                <\/div>\r\n                                <div class=\"post-content\">\r\n                                    <h3>Quali sono le migliori vitamine per i capelli?<\/h3>\r\n                                    <p>Quali sono le vitamine per capelli che possono aiutarmi col rinfoltimento? La salute dei capelli passa anche dallo stomaco. In particolare, le vitamine A, B, C, E e H giocano un ru..<\/p>\r\n                                    <a class=\"post-link\" href=\"https:\/\/biohairclinic.com\/it\/quali-sono-le-migliori-vitamine-per-i-capelli\/\"> Leggi ora<\/a>\r\n                                <\/div>\r\n                            <\/div>\r\n                        <\/div>\r\n\r\n                                        <div class=\"col-md-4\">\r\n                            <div class=\"content\">\r\n                                <div class=\"post-image\">\r\n                                    <img loading=\"lazy\" decoding=\"async\" width=\"800\" height=\"533\" src=\"https:\/\/biohairclinic.com\/it\/wp-content\/uploads\/sites\/3\/2019\/12\/Nascondere_la_calvizie_foulard.jpg\" class=\"attachment-post-thumbnail size-post-thumbnail wp-post-image\" alt=\"donna nasconde calvizie con foulard\" srcset=\"https:\/\/biohairclinic.com\/it\/wp-content\/uploads\/sites\/3\/2019\/12\/Nascondere_la_calvizie_foulard.jpg 800w, https:\/\/biohairclinic.com\/it\/wp-content\/uploads\/sites\/3\/2019\/12\/Nascondere_la_calvizie_foulard-300x200.jpg 300w, https:\/\/biohairclinic.com\/it\/wp-content\/uploads\/sites\/3\/2019\/12\/Nascondere_la_calvizie_foulard-768x512.jpg 768w, https:\/\/biohairclinic.com\/it\/wp-content\/uploads\/sites\/3\/2019\/12\/Nascondere_la_calvizie_foulard-480x320.jpg 480w\" sizes=\"auto, (max-width: 800px) 100vw, 800px\" \/>                                <\/div>\r\n                                <div class=\"post-content\">\r\n                                    <h3>Come nascondere la calvizie?<\/h3>\r\n                                    <p>Soffre di capelli diradati o stempiatura e vorrebbe nascondere la calvizie? Non \u00e8 il solo: molti uomini e donne in tutto il mondo si trovano nella stessa situazione. Nell\u2019attesa..<\/p>\r\n                                    <a class=\"post-link\" href=\"https:\/\/biohairclinic.com\/it\/come-nascondere-la-calvizie\/\"> Leggi ora<\/a>\r\n                                <\/div>\r\n                            <\/div>\r\n                        <\/div>\r\n\r\n                                        <div class=\"col-md-4\">\r\n                            <div class=\"content\">\r\n                                <div class=\"post-image\">\r\n                                    <img loading=\"lazy\" decoding=\"async\" width=\"838\" height=\"471\" src=\"https:\/\/biohairclinic.com\/it\/wp-content\/uploads\/sites\/3\/2019\/12\/DNA_clonazione_capelli.jpg\" class=\"attachment-post-thumbnail size-post-thumbnail wp-post-image\" alt=\"Dna con effetto grafico\" srcset=\"https:\/\/biohairclinic.com\/it\/wp-content\/uploads\/sites\/3\/2019\/12\/DNA_clonazione_capelli.jpg 838w, https:\/\/biohairclinic.com\/it\/wp-content\/uploads\/sites\/3\/2019\/12\/DNA_clonazione_capelli-300x169.jpg 300w, https:\/\/biohairclinic.com\/it\/wp-content\/uploads\/sites\/3\/2019\/12\/DNA_clonazione_capelli-768x432.jpg 768w, https:\/\/biohairclinic.com\/it\/wp-content\/uploads\/sites\/3\/2019\/12\/DNA_clonazione_capelli-480x270.jpg 480w\" sizes=\"auto, (max-width: 838px) 100vw, 838px\" \/>                                <\/div>\r\n                                <div class=\"post-content\">\r\n                                    <h3>Le mille e una sfide della clonazione di capelli<\/h3>\r\n                                    <p>Negli ultimi anni, la clonazione di capelli \u00e8 oggetto della ricerca scientifica e della speranza di molti. Sono molte le difficolt\u00e0 superate e i passi avanti fatti della ricerca,..<\/p>\r\n                                    <a class=\"post-link\" href=\"https:\/\/biohairclinic.com\/it\/clonazione-capelli\/\"> Leggi ora<\/a>\r\n                                <\/div>\r\n                            <\/div>\r\n                        <\/div>\r\n\r\n                                        <div class=\"col-md-4\">\r\n                            <div class=\"content\">\r\n                                <div class=\"post-image\">\r\n                                    <img loading=\"lazy\" decoding=\"async\" width=\"838\" height=\"557\" src=\"https:\/\/biohairclinic.com\/it\/wp-content\/uploads\/sites\/3\/2019\/12\/ragazzo_capelli_rovinati.jpg\" class=\"attachment-post-thumbnail size-post-thumbnail wp-post-image\" alt=\"ragazzo giovane allo specchio\" srcset=\"https:\/\/biohairclinic.com\/it\/wp-content\/uploads\/sites\/3\/2019\/12\/ragazzo_capelli_rovinati.jpg 838w, https:\/\/biohairclinic.com\/it\/wp-content\/uploads\/sites\/3\/2019\/12\/ragazzo_capelli_rovinati-300x199.jpg 300w, https:\/\/biohairclinic.com\/it\/wp-content\/uploads\/sites\/3\/2019\/12\/ragazzo_capelli_rovinati-768x510.jpg 768w, https:\/\/biohairclinic.com\/it\/wp-content\/uploads\/sites\/3\/2019\/12\/ragazzo_capelli_rovinati-480x319.jpg 480w\" sizes=\"auto, (max-width: 838px) 100vw, 838px\" \/>                                <\/div>\r\n                                <div class=\"post-content\">\r\n                                    <h3>Trattamenti naturali per capelli rovinati: come rigenerare i propri capelli<\/h3>\r\n                                    <p>Esistono numerosi trattamenti naturali per capelli rovinati, in grado di restituire loro la forza e lucentezza di un tempo. Chi vede i propri capelli diradati, opachi e privi di fo..<\/p>\r\n                                    <a class=\"post-link\" href=\"https:\/\/biohairclinic.com\/it\/trattamenti-naturali-per-capelli-rovinati\/\"> Leggi ora<\/a>\r\n                                <\/div>\r\n                            <\/div>\r\n                        <\/div>\r\n\r\n                \r\n\r\n\r\n\r\n                <div class=\"col-md-12\">\r\n                    <div class=\"go-cat\">\r\n                        <a href=\"https:\/\/biohairclinic.com\/it\/category\/caduta-capelli\/\"> ALTRI CONTRIBUTI<\/a>\r\n                    <\/div>\r\n                <\/div>\r\n\r\n            <\/div>\r\n        <\/div>\r\n    <\/section>\r\n\r\n    <section class=\"blog_cat_section \">\r\n        <div class=\"container\">\r\n            <div class=\"row\">\r\n                <div class=\"col-md-12\">\r\n                    <div class=\"title\">\r\n                        <h2>Trapianto di Capelli<\/h2>\r\n                    <\/div>\r\n                <\/div>\r\n                                        <div class=\"col-md-4\">\r\n                            <div class=\"content\">\r\n                                <div class=\"post-image\">\r\n                                    <img loading=\"lazy\" decoding=\"async\" width=\"838\" height=\"558\" src=\"https:\/\/biohairclinic.com\/it\/wp-content\/uploads\/sites\/3\/2019\/12\/Trapianto-capelli-antonio-conte.jpg\" class=\"attachment-post-thumbnail size-post-thumbnail wp-post-image\" alt=\"Trapianto capelli di Antonio Conte: ecco la sua nuova chioma\" srcset=\"https:\/\/biohairclinic.com\/it\/wp-content\/uploads\/sites\/3\/2019\/12\/Trapianto-capelli-antonio-conte.jpg 838w, https:\/\/biohairclinic.com\/it\/wp-content\/uploads\/sites\/3\/2019\/12\/Trapianto-capelli-antonio-conte-300x200.jpg 300w, https:\/\/biohairclinic.com\/it\/wp-content\/uploads\/sites\/3\/2019\/12\/Trapianto-capelli-antonio-conte-768x511.jpg 768w, https:\/\/biohairclinic.com\/it\/wp-content\/uploads\/sites\/3\/2019\/12\/Trapianto-capelli-antonio-conte-480x320.jpg 480w\" sizes=\"auto, (max-width: 838px) 100vw, 838px\" \/>                                <\/div>\r\n                                <div class=\"post-content\">\r\n                                    <h3>Trapianto di capelli di Conte: perch\u00e9 questo mistero?<\/h3>\r\n                                    <p>Antonio Conte: trapianto di capelli o parrucca?\r\nAntonio Conte si \u00e8 sottoposto al trapianto di capelli o no?\r\nDopo una brillante carriera alla Juventus, Antonio Conte gioca la sua..<\/p>\r\n                                    <a class=\"post-link\" href=\"https:\/\/biohairclinic.com\/it\/trapianto-di-capelli-di-conte\/\"> Leggi ora<\/a>\r\n                                <\/div>\r\n                            <\/div>\r\n                        <\/div>\r\n\r\n                                        <div class=\"col-md-4\">\r\n                            <div class=\"content\">\r\n                                <div class=\"post-image\">\r\n                                    <img loading=\"lazy\" decoding=\"async\" width=\"838\" height=\"558\" src=\"https:\/\/biohairclinic.com\/it\/wp-content\/uploads\/sites\/3\/2019\/12\/et\u00e0_trapianto_capelli-1.jpg\" class=\"attachment-post-thumbnail size-post-thumbnail wp-post-image\" alt=\"Donna capelli folti\" srcset=\"https:\/\/biohairclinic.com\/it\/wp-content\/uploads\/sites\/3\/2019\/12\/et\u00e0_trapianto_capelli-1.jpg 838w, https:\/\/biohairclinic.com\/it\/wp-content\/uploads\/sites\/3\/2019\/12\/et\u00e0_trapianto_capelli-1-300x200.jpg 300w, https:\/\/biohairclinic.com\/it\/wp-content\/uploads\/sites\/3\/2019\/12\/et\u00e0_trapianto_capelli-1-768x511.jpg 768w, https:\/\/biohairclinic.com\/it\/wp-content\/uploads\/sites\/3\/2019\/12\/et\u00e0_trapianto_capelli-1-480x320.jpg 480w\" sizes=\"auto, (max-width: 838px) 100vw, 838px\" \/>                                <\/div>\r\n                                <div class=\"post-content\">\r\n                                    <h3>Qual \u00e8 l\u2019et\u00e0 giusta per il trapianto di capelli?<\/h3>\r\n                                    <p>Qual \u00e8 l&#8217;et\u00e0 adatta per un trapianto di capelli? In realt\u00e0 \u00e8 sempre possibile sottoporsi all\u2019operazione. Generalmente decidono per un trapianto capillare uomini e donne tra i..<\/p>\r\n                                    <a class=\"post-link\" href=\"https:\/\/biohairclinic.com\/it\/eta-trapianto-capelli\/\"> Leggi ora<\/a>\r\n                                <\/div>\r\n                            <\/div>\r\n                        <\/div>\r\n\r\n                                        <div class=\"col-md-4\">\r\n                            <div class=\"content\">\r\n                                <div class=\"post-image\">\r\n                                    <img loading=\"lazy\" decoding=\"async\" width=\"838\" height=\"558\" src=\"https:\/\/biohairclinic.com\/it\/wp-content\/uploads\/sites\/3\/2019\/12\/sport_dopo_trapianto_capelli.jpg\" class=\"attachment-post-thumbnail size-post-thumbnail wp-post-image\" alt=\"Sport dopo trapianto capelli\" srcset=\"https:\/\/biohairclinic.com\/it\/wp-content\/uploads\/sites\/3\/2019\/12\/sport_dopo_trapianto_capelli.jpg 838w, https:\/\/biohairclinic.com\/it\/wp-content\/uploads\/sites\/3\/2019\/12\/sport_dopo_trapianto_capelli-300x200.jpg 300w, https:\/\/biohairclinic.com\/it\/wp-content\/uploads\/sites\/3\/2019\/12\/sport_dopo_trapianto_capelli-768x511.jpg 768w, https:\/\/biohairclinic.com\/it\/wp-content\/uploads\/sites\/3\/2019\/12\/sport_dopo_trapianto_capelli-480x320.jpg 480w\" sizes=\"auto, (max-width: 838px) 100vw, 838px\" \/>                                <\/div>\r\n                                <div class=\"post-content\">\r\n                                    <h3>Sport dopo il trapianto di capelli: qual \u00e8 il momento giusto per fare attivit\u00e0 fisica?<\/h3>\r\n                                    <p>Lo sport dopo un trapianto di capelli \u00e8 sconsigliato. L\u2019attivit\u00e0 sportiva pu\u00f2 essere un problema per i grafts appena innestati, che si trovano in una fase delicata e necessita..<\/p>\r\n                                    <a class=\"post-link\" href=\"https:\/\/biohairclinic.com\/it\/sport-dopo-trapianto-capelli\/\"> Leggi ora<\/a>\r\n                                <\/div>\r\n                            <\/div>\r\n                        <\/div>\r\n\r\n                                        <div class=\"col-md-4\">\r\n                            <div class=\"content\">\r\n                                <div class=\"post-image\">\r\n                                    <img loading=\"lazy\" decoding=\"async\" width=\"838\" height=\"558\" src=\"https:\/\/biohairclinic.com\/it\/wp-content\/uploads\/sites\/3\/2019\/11\/trapianto_capelli_anestesia_senza_ago.jpg\" class=\"attachment-post-thumbnail size-post-thumbnail wp-post-image\" alt=\"trapianto capelli anestesia senza ago\" srcset=\"https:\/\/biohairclinic.com\/it\/wp-content\/uploads\/sites\/3\/2019\/11\/trapianto_capelli_anestesia_senza_ago.jpg 838w, https:\/\/biohairclinic.com\/it\/wp-content\/uploads\/sites\/3\/2019\/11\/trapianto_capelli_anestesia_senza_ago-300x200.jpg 300w, https:\/\/biohairclinic.com\/it\/wp-content\/uploads\/sites\/3\/2019\/11\/trapianto_capelli_anestesia_senza_ago-768x511.jpg 768w, https:\/\/biohairclinic.com\/it\/wp-content\/uploads\/sites\/3\/2019\/11\/trapianto_capelli_anestesia_senza_ago-480x320.jpg 480w\" sizes=\"auto, (max-width: 838px) 100vw, 838px\" \/>                                <\/div>\r\n                                <div class=\"post-content\">\r\n                                    <h3>Trapianto capelli con anestesia: come funziona?<\/h3>\r\n                                    <p>Uno dei dubbi che preoccupa maggiormente chi desidera sottoporsi al trapianto di capelli con tecnica FUE riguarda la possibilit\u00e0 di provare dolore durante e dopo l\u2018intervento. L..<\/p>\r\n                                    <a class=\"post-link\" href=\"https:\/\/biohairclinic.com\/it\/trapianto-capelli-anestesia\/\"> Leggi ora<\/a>\r\n                                <\/div>\r\n                            <\/div>\r\n                        <\/div>\r\n\r\n                                        <div class=\"col-md-4\">\r\n                            <div class=\"content\">\r\n                                <div class=\"post-image\">\r\n                                    <img loading=\"lazy\" decoding=\"async\" width=\"838\" height=\"558\" src=\"https:\/\/biohairclinic.com\/it\/wp-content\/uploads\/sites\/3\/2019\/11\/trapianto-capelli-istanbul-paziente.jpg\" class=\"attachment-post-thumbnail size-post-thumbnail wp-post-image\" alt=\"trapianto capelli istanbul paziente\" srcset=\"https:\/\/biohairclinic.com\/it\/wp-content\/uploads\/sites\/3\/2019\/11\/trapianto-capelli-istanbul-paziente.jpg 838w, https:\/\/biohairclinic.com\/it\/wp-content\/uploads\/sites\/3\/2019\/11\/trapianto-capelli-istanbul-paziente-300x200.jpg 300w, https:\/\/biohairclinic.com\/it\/wp-content\/uploads\/sites\/3\/2019\/11\/trapianto-capelli-istanbul-paziente-768x511.jpg 768w, https:\/\/biohairclinic.com\/it\/wp-content\/uploads\/sites\/3\/2019\/11\/trapianto-capelli-istanbul-paziente-480x320.jpg 480w\" sizes=\"auto, (max-width: 838px) 100vw, 838px\" \/>                                <\/div>\r\n                                <div class=\"post-content\">\r\n                                    <h3>Trapianto di capelli a Istanbul<\/h3>\r\n                                    <p>Il trapianto di capelli con tecnica FUE \u00e8 lo strumento pi\u00f9 avanzato a disposizione di chi vuole mettere un freno all\u2019incedere della calvizie. Istanbul, citt\u00e0 storica della Tur..<\/p>\r\n                                    <a class=\"post-link\" href=\"https:\/\/biohairclinic.com\/it\/trapianto-capelli-istanbul\/\"> Leggi ora<\/a>\r\n                                <\/div>\r\n                            <\/div>\r\n                        <\/div>\r\n\r\n                                        <div class=\"col-md-4\">\r\n                            <div class=\"content\">\r\n                                <div class=\"post-image\">\r\n                                    <img loading=\"lazy\" decoding=\"async\" width=\"838\" height=\"558\" src=\"https:\/\/biohairclinic.com\/it\/wp-content\/uploads\/sites\/3\/2019\/11\/sesso-dopo-il-trapianto-di-capelli.jpg\" class=\"attachment-post-thumbnail size-post-thumbnail wp-post-image\" alt=\"sesso dopo il trapianto di capelli\" srcset=\"https:\/\/biohairclinic.com\/it\/wp-content\/uploads\/sites\/3\/2019\/11\/sesso-dopo-il-trapianto-di-capelli.jpg 838w, https:\/\/biohairclinic.com\/it\/wp-content\/uploads\/sites\/3\/2019\/11\/sesso-dopo-il-trapianto-di-capelli-300x200.jpg 300w, https:\/\/biohairclinic.com\/it\/wp-content\/uploads\/sites\/3\/2019\/11\/sesso-dopo-il-trapianto-di-capelli-768x511.jpg 768w, https:\/\/biohairclinic.com\/it\/wp-content\/uploads\/sites\/3\/2019\/11\/sesso-dopo-il-trapianto-di-capelli-480x320.jpg 480w\" sizes=\"auto, (max-width: 838px) 100vw, 838px\" \/>                                <\/div>\r\n                                <div class=\"post-content\">\r\n                                    <h3>Sesso dopo il Trapianto di capelli?<\/h3>\r\n                                    <p>Gettiamo un po\u2019 di luce su uno dei dubbi che preoccupano chi sta ponderando l\u2019idea di sottoporsi ad un autotrapianto di capelli con tecnica FUE: \u00e8 possibile fare sesso dopo av..<\/p>\r\n                                    <a class=\"post-link\" href=\"https:\/\/biohairclinic.com\/it\/sesso-dopo-il-trapianto-di-capelli\/\"> Leggi ora<\/a>\r\n                                <\/div>\r\n                            <\/div>\r\n                        <\/div>\r\n\r\n                                        <div class=\"col-md-4\">\r\n                            <div class=\"content\">\r\n                                <div class=\"post-image\">\r\n                                    <img loading=\"lazy\" decoding=\"async\" width=\"838\" height=\"554\" src=\"https:\/\/biohairclinic.com\/it\/wp-content\/uploads\/sites\/3\/2019\/10\/Trapianto-capelli-vip-Rooney.jpg\" class=\"attachment-post-thumbnail size-post-thumbnail wp-post-image\" alt=\"Trapianto capelli vip Rooney\" srcset=\"https:\/\/biohairclinic.com\/it\/wp-content\/uploads\/sites\/3\/2019\/10\/Trapianto-capelli-vip-Rooney.jpg 838w, https:\/\/biohairclinic.com\/it\/wp-content\/uploads\/sites\/3\/2019\/10\/Trapianto-capelli-vip-Rooney-300x198.jpg 300w, https:\/\/biohairclinic.com\/it\/wp-content\/uploads\/sites\/3\/2019\/10\/Trapianto-capelli-vip-Rooney-768x508.jpg 768w, https:\/\/biohairclinic.com\/it\/wp-content\/uploads\/sites\/3\/2019\/10\/Trapianto-capelli-vip-Rooney-480x317.jpg 480w\" sizes=\"auto, (max-width: 838px) 100vw, 838px\" \/>                                <\/div>\r\n                                <div class=\"post-content\">\r\n                                    <h3>Il trapianto di capelli per vip&#8230;e non solo!<\/h3>\r\n                                    <p>Nell\u2019immaginario collettivo, una folta chioma ha sempre rappresentato un ideale di bellezza, tanto che numerosi VIP ricorrono sempre pi\u00f9 spesso al trapianto di capelli. Questa o..<\/p>\r\n                                    <a class=\"post-link\" href=\"https:\/\/biohairclinic.com\/it\/il-trapianto-di-capelli-per-vip\/\"> Leggi ora<\/a>\r\n                                <\/div>\r\n                            <\/div>\r\n                        <\/div>\r\n\r\n                                        <div class=\"col-md-4\">\r\n                            <div class=\"content\">\r\n                                <div class=\"post-image\">\r\n                                    <img loading=\"lazy\" decoding=\"async\" width=\"838\" height=\"483\" src=\"https:\/\/biohairclinic.com\/it\/wp-content\/uploads\/sites\/3\/2019\/11\/alopecia-areata-cause-sintomi-e-soluzioni-preoccupazione.jpg\" class=\"attachment-post-thumbnail size-post-thumbnail wp-post-image\" alt=\"alopecia areata cause sintomi e soluzioni preoccupazione\" srcset=\"https:\/\/biohairclinic.com\/it\/wp-content\/uploads\/sites\/3\/2019\/11\/alopecia-areata-cause-sintomi-e-soluzioni-preoccupazione.jpg 838w, https:\/\/biohairclinic.com\/it\/wp-content\/uploads\/sites\/3\/2019\/11\/alopecia-areata-cause-sintomi-e-soluzioni-preoccupazione-300x173.jpg 300w, https:\/\/biohairclinic.com\/it\/wp-content\/uploads\/sites\/3\/2019\/11\/alopecia-areata-cause-sintomi-e-soluzioni-preoccupazione-768x443.jpg 768w, https:\/\/biohairclinic.com\/it\/wp-content\/uploads\/sites\/3\/2019\/11\/alopecia-areata-cause-sintomi-e-soluzioni-preoccupazione-480x277.jpg 480w\" sizes=\"auto, (max-width: 838px) 100vw, 838px\" \/>                                <\/div>\r\n                                <div class=\"post-content\">\r\n                                    <h3>Alopecia Areata Cause Sintomi e Soluzioni<\/h3>\r\n                                    <p>Scopri cause, sintomi e soluzioni per chi soffre di alopecia areata. Qui trovi tutte le informazioni importanti sui trattamenti e la chirurgia per la ricrescita dei capelli.\n\nBreve..<\/p>\r\n                                    <a class=\"post-link\" href=\"https:\/\/biohairclinic.com\/it\/alopecia-areata-cause-sintomi-e-soluzioni\/\"> Leggi ora<\/a>\r\n                                <\/div>\r\n                            <\/div>\r\n                        <\/div>\r\n\r\n                \r\n\r\n\r\n\r\n                <div class=\"col-md-12\">\r\n                    <div class=\"go-cat\">\r\n                        <a href=\"https:\/\/biohairclinic.com\/it\/category\/trapianto-di-capelli\/\"> ALTRI CONTRIBUTI<\/a>\r\n                    <\/div>\r\n                <\/div>\r\n\r\n            <\/div>\r\n        <\/div>\r\n    <\/section>\r\n\r\n","protected":false},"excerpt":{"rendered":"","protected":false},"author":13,"featured_media":0,"parent":0,"menu_order":0,"comment_status":"closed","ping_status":"closed","template":"","meta":{"_acf_changed":false,"inline_featured_image":false,"footnotes":""},"class_list":["post-11773","page","type-page","status-publish","hentry"],"acf":[],"yoast_head":"<!-- This site is optimized with the Yoast SEO Premium plugin v27.3 (Yoast SEO v27.4) - https:\/\/yoast.com\/product\/yoast-seo-premium-wordpress\/ -->\n<title>Il blog sul trapianto di capelli e altro! | Bio Hair Clinic<\/title>\n<meta name=\"description\" content=\"Leggi il nostro blog sul trapianto di capelli per avere tutte le informazioni sul trattamento e la cura della chioma.\" \/>\n<meta name=\"robots\" content=\"index, follow, max-snippet:-1, max-image-preview:large, max-video-preview:-1\" \/>\n<link rel=\"canonical\" href=\"https:\/\/biohairclinic.com\/it\/il-nostro-blog-trapianto-capelli\/\" \/>\n<meta property=\"og:locale\" content=\"it_IT\" \/>\n<meta property=\"og:type\" content=\"article\" \/>\n<meta property=\"og:title\" content=\"Il blog sul trapianto di capelli\" \/>\n<meta property=\"og:description\" content=\"Leggi il nostro blog sul trapianto di capelli per avere tutte le informazioni sul trattamento e la cura della chioma.\" \/>\n<meta property=\"og:url\" content=\"https:\/\/biohairclinic.com\/it\/il-nostro-blog-trapianto-capelli\/\" \/>\n<meta property=\"og:site_name\" content=\"Trapianto Capelli Turchia Prezzi\" \/>\n<meta property=\"article:modified_time\" content=\"2022-05-12T07:53:04+00:00\" \/>\n<meta name=\"twitter:card\" content=\"summary_large_image\" \/>\n<script type=\"application\/ld+json\" class=\"yoast-schema-graph\">{\"@context\":\"https:\\\/\\\/schema.org\",\"@graph\":[{\"@type\":\"WebPage\",\"@id\":\"https:\\\/\\\/biohairclinic.com\\\/it\\\/il-nostro-blog-trapianto-capelli\\\/\",\"url\":\"https:\\\/\\\/biohairclinic.com\\\/it\\\/il-nostro-blog-trapianto-capelli\\\/\",\"name\":\"Il blog sul trapianto di capelli e altro! | Bio Hair Clinic\",\"isPartOf\":{\"@id\":\"https:\\\/\\\/biohairclinic.com\\\/it\\\/#website\"},\"datePublished\":\"2019-10-15T16:01:34+00:00\",\"dateModified\":\"2022-05-12T07:53:04+00:00\",\"description\":\"Leggi il nostro blog sul trapianto di capelli per avere tutte le informazioni sul trattamento e la cura della chioma.\",\"breadcrumb\":{\"@id\":\"https:\\\/\\\/biohairclinic.com\\\/it\\\/il-nostro-blog-trapianto-capelli\\\/#breadcrumb\"},\"inLanguage\":\"it-IT\",\"potentialAction\":[{\"@type\":\"ReadAction\",\"target\":[\"https:\\\/\\\/biohairclinic.com\\\/it\\\/il-nostro-blog-trapianto-capelli\\\/\"]}]},{\"@type\":\"BreadcrumbList\",\"@id\":\"https:\\\/\\\/biohairclinic.com\\\/it\\\/il-nostro-blog-trapianto-capelli\\\/#breadcrumb\",\"itemListElement\":[{\"@type\":\"ListItem\",\"position\":1,\"name\":\"Home\",\"item\":\"https:\\\/\\\/biohairclinic.com\\\/it\\\/\"},{\"@type\":\"ListItem\",\"position\":2,\"name\":\"Il blog sul trapianto di capelli\"}]},{\"@type\":\"WebSite\",\"@id\":\"https:\\\/\\\/biohairclinic.com\\\/it\\\/#website\",\"url\":\"https:\\\/\\\/biohairclinic.com\\\/it\\\/\",\"name\":\"Trapianto Capelli Turchia Prezzi\",\"description\":\"BioHairClinic \u00a9\",\"potentialAction\":[{\"@type\":\"SearchAction\",\"target\":{\"@type\":\"EntryPoint\",\"urlTemplate\":\"https:\\\/\\\/biohairclinic.com\\\/it\\\/?s={search_term_string}\"},\"query-input\":{\"@type\":\"PropertyValueSpecification\",\"valueRequired\":true,\"valueName\":\"search_term_string\"}}],\"inLanguage\":\"it-IT\"},{\"@type\":\"ImageObject\",\"inLanguage\":\"it-IT\",\"@id\":\"https:\\\/\\\/biohairclinic.com\\\/it\\\/il-nostro-blog-trapianto-capelli\\\/#local-main-organization-logo\",\"url\":\"\",\"contentUrl\":\"\",\"caption\":\"Trapianto Capelli Turchia Prezzi\"}]}<\/script>\n<meta name=\"geo.placename\" content=\"Roma\" \/>\n<meta name=\"geo.position\" content=\"41.9059342;12.4922504\" \/>\n<meta name=\"geo.region\" content=\"\u00c5land Islands\" \/>\n<!-- \/ Yoast SEO Premium plugin. -->","yoast_head_json":{"title":"Il blog sul trapianto di capelli e altro! | Bio Hair Clinic","description":"Leggi il nostro blog sul trapianto di capelli per avere tutte le informazioni sul trattamento e la cura della chioma.","robots":{"index":"index","follow":"follow","max-snippet":"max-snippet:-1","max-image-preview":"max-image-preview:large","max-video-preview":"max-video-preview:-1"},"canonical":"https:\/\/biohairclinic.com\/it\/il-nostro-blog-trapianto-capelli\/","og_locale":"it_IT","og_type":"article","og_title":"Il blog sul trapianto di capelli","og_description":"Leggi il nostro blog sul trapianto di capelli per avere tutte le informazioni sul trattamento e la cura della chioma.","og_url":"https:\/\/biohairclinic.com\/it\/il-nostro-blog-trapianto-capelli\/","og_site_name":"Trapianto Capelli Turchia Prezzi","article_modified_time":"2022-05-12T07:53:04+00:00","twitter_card":"summary_large_image","schema":{"@context":"https:\/\/schema.org","@graph":[{"@type":"WebPage","@id":"https:\/\/biohairclinic.com\/it\/il-nostro-blog-trapianto-capelli\/","url":"https:\/\/biohairclinic.com\/it\/il-nostro-blog-trapianto-capelli\/","name":"Il blog sul trapianto di capelli e altro! | Bio Hair Clinic","isPartOf":{"@id":"https:\/\/biohairclinic.com\/it\/#website"},"datePublished":"2019-10-15T16:01:34+00:00","dateModified":"2022-05-12T07:53:04+00:00","description":"Leggi il nostro blog sul trapianto di capelli per avere tutte le informazioni sul trattamento e la cura della chioma.","breadcrumb":{"@id":"https:\/\/biohairclinic.com\/it\/il-nostro-blog-trapianto-capelli\/#breadcrumb"},"inLanguage":"it-IT","potentialAction":[{"@type":"ReadAction","target":["https:\/\/biohairclinic.com\/it\/il-nostro-blog-trapianto-capelli\/"]}]},{"@type":"BreadcrumbList","@id":"https:\/\/biohairclinic.com\/it\/il-nostro-blog-trapianto-capelli\/#breadcrumb","itemListElement":[{"@type":"ListItem","position":1,"name":"Home","item":"https:\/\/biohairclinic.com\/it\/"},{"@type":"ListItem","position":2,"name":"Il blog sul trapianto di capelli"}]},{"@type":"WebSite","@id":"https:\/\/biohairclinic.com\/it\/#website","url":"https:\/\/biohairclinic.com\/it\/","name":"Trapianto Capelli Turchia Prezzi","description":"BioHairClinic \u00a9","potentialAction":[{"@type":"SearchAction","target":{"@type":"EntryPoint","urlTemplate":"https:\/\/biohairclinic.com\/it\/?s={search_term_string}"},"query-input":{"@type":"PropertyValueSpecification","valueRequired":true,"valueName":"search_term_string"}}],"inLanguage":"it-IT"},{"@type":"ImageObject","inLanguage":"it-IT","@id":"https:\/\/biohairclinic.com\/it\/il-nostro-blog-trapianto-capelli\/#local-main-organization-logo","url":"","contentUrl":"","caption":"Trapianto Capelli Turchia Prezzi"}]},"geo.placename":"Roma","geo.position":{"lat":"41.9059342","long":"12.4922504"},"geo.region":"\u00c5land Islands"},"_links":{"self":[{"href":"https:\/\/biohairclinic.com\/it\/wp-json\/wp\/v2\/pages\/11773","targetHints":{"allow":["GET"]}}],"collection":[{"href":"https:\/\/biohairclinic.com\/it\/wp-json\/wp\/v2\/pages"}],"about":[{"href":"https:\/\/biohairclinic.com\/it\/wp-json\/wp\/v2\/types\/page"}],"author":[{"embeddable":true,"href":"https:\/\/biohairclinic.com\/it\/wp-json\/wp\/v2\/users\/13"}],"replies":[{"embeddable":true,"href":"https:\/\/biohairclinic.com\/it\/wp-json\/wp\/v2\/comments?post=11773"}],"version-history":[{"count":23,"href":"https:\/\/biohairclinic.com\/it\/wp-json\/wp\/v2\/pages\/11773\/revisions"}],"predecessor-version":[{"id":58870,"href":"https:\/\/biohairclinic.com\/it\/wp-json\/wp\/v2\/pages\/11773\/revisions\/58870"}],"wp:attachment":[{"href":"https:\/\/biohairclinic.com\/it\/wp-json\/wp\/v2\/media?parent=11773"}],"curies":[{"name":"wp","href":"https:\/\/api.w.org\/{rel}","templated":true}]}}